{"id":1124,"date":"2025-07-09T11:57:42","date_gmt":"2025-07-09T14:57:42","guid":{"rendered":"https:\/\/transparencia.cge.rj.gov.br\/?page_id=1124"},"modified":"2026-01-22T16:06:33","modified_gmt":"2026-01-22T19:06:33","slug":"plano-estrategico","status":"publish","type":"page","link":"https:\/\/transparencia.cge.rj.gov.br\/transparencia\/planejamento-e-orcamento\/plano-estrategico\/","title":{"rendered":"Plano estrategico"},"content":{"rendered":"<section class=\"pagpo-section\">\n<div class=\"pagpo-container\">\n<h5 class=\"pagpo-title\">Plano Estrat\u00e9gico<\/h5>\n<p style=\"color: #010101;\">O plano estrat\u00e9gico \u00e9 um instrumento fundamental para orientar a atua\u00e7\u00e3o dos \u00f3rg\u00e3os e entidades governamentais de forma eficiente, transparente e alinhada ao interesse p\u00fablico. Ele permite estabelecer objetivos claros, metas mensur\u00e1veis e a\u00e7\u00f5es estruturadas, com base em diagn\u00f3sticos realistas e na escuta das demandas da sociedade. Ao articular planejamento, gest\u00e3o e avalia\u00e7\u00e3o de resultados, o plano estrat\u00e9gico fortalece a governan\u00e7a p\u00fablica, melhora a aloca\u00e7\u00e3o de recursos e contribui para a entrega de servi\u00e7os de maior qualidade \u00e0 popula\u00e7\u00e3o. Al\u00e9m disso, promove a integra\u00e7\u00e3o entre as pol\u00edticas p\u00fablicas e o compromisso com a responsabilidade fiscal e a sustentabilidade institucional.\nPlanos Estrat\u00e9gicos institucionais ou instrumentos equivalentes podem ser acessados nos links abaixo:\n(\u00faltima atualiza\u00e7\u00e3o: 14\/05\/2025)<\/p>\n\n<div class=\"containerPaginas\">\n<div class=\"meu-acordeao\">\n<div class=\"acordeao-item\"><button class=\"acordeao-header\">GOVERNO DO ESTADO DO RIO DE JANEIRO<\/button>\n<div class=\"acordeao-content\">\n<ul>\n \t<li><a href=\"https:\/\/pedes.planejamento.rj.gov.br\/pedes\/?p=865\">Plano Estrat\u00e9gico de Desenvolvimento Econ\u00f4mico e Social do Estado do Rio de Janeiro &#8211; PEDES<\/a><\/li>\n<\/ul>\n<\/div>\n<\/div>\n<div class=\"acordeao-item\"><button class=\"acordeao-header\">\u00d3RG\u00c3OS E ENTIDADES COM PLANOS ESTRAT\u00c9GICOS<\/button>\n<div class=\"acordeao-content\">\n<ul>\n \t<li><a href=\"https:\/\/www.defesacivil.rj.gov.br\/images\/DOC\/PLANO-ESTRATGICO.pdf\">Secretaria de Estado de Defesa Civil &#8211; SEDEC<\/a><\/li>\n \t<li><a href=\"https:\/\/portal.fazenda.rj.gov.br\/tecnologia-informacao\/wp-content\/uploads\/sites\/7\/2025\/01\/PEDTIC-SEFAZ-RJ-2024-2027-versao-2025.2-3.pdf\">Secretaria de Estado de Fazenda &#8211; SEFAZ<\/a><\/li>\n \t<li><a href=\"https:\/\/www.rj.gov.br\/planejamento\/sites\/default\/files\/arquivos_paginas\/PlanoEstrategicoSEPLAG24_27_PlanodeAcao.pdf\">Secretaria de Estado de Planejamento e Gest\u00e3o &#8211; SEPLAG<\/a><\/li>\n \t<li><a href=\"https:\/\/pcerj.s3.amazonaws.com\/planejamento_b929e389d6.pdf\">Secretaria de Estado de Pol\u00edcia Civil &#8211; SEPOL<\/a><\/li>\n \t<li><a href=\"https:\/\/www.cge.rj.gov.br\/wp-content\/uploads\/2024\/02\/03-PLANEJAMENTO-ESTRATEGICO-2024-2027-.pdf\">Controladoria Geral do Estado do Rio de Janeiro &#8211; CGE\/RJ<\/a><\/li>\n \t<li><a href=\"https:\/\/www.rj.gov.br\/proderj\/sites\/default\/files\/arquivos_paginas\/PEI_PRODERJ_2024_2027.pdf\">Centro de Tecnologia de Informa\u00e7\u00e3o e Comunica\u00e7\u00e3o do Estado do Rio de Janeiro &#8211; PRODERJ<\/a><\/li>\n \t<li><a href=\"https:\/\/storage.googleapis.com\/site-cedae\/PlanejamentoEstrategico\/2\/biblioteca\/LivroPE.pdf\">Companhia Estadual de \u00c1guas e Esgotos &#8211; CEDAE<\/a><\/li>\n \t<li><a href=\"https:\/\/www.mis.rj.gov.br\/plano-museologico\/plano_museologico_2023_2028.pdf\">Funda\u00e7\u00e3o Museu da Imagem e do Som &#8211; FMIS<\/a><\/li>\n \t<li><a href=\"https:\/\/drive.google.com\/file\/d\/136d4hNtFtBqOcsTnvu7_fRYUh9xvVWjh\/view\">Funda\u00e7\u00e3o Santa Cabrini &#8211; FSC<\/a><\/li>\n \t<li><a href=\"https:\/\/www.rj.gov.br\/fundacaosaude\/sites\/default\/files\/arquivos-paginas\/Book%20PE%202024-2027%20%28Realinhamento%202025%29.pdf\">Funda\u00e7\u00e3o Sa\u00fade do Estado do Rio de Janeiro &#8211; FSERJ<\/a><\/li>\n \t<li><a href=\"https:\/\/www.transparencia.uerj.br\/wp-content\/uploads\/2024\/05\/PDI_VERSAO-FINAL_07_12_2023.pdf\">Funda\u00e7\u00e3o Universidade do Estado do Rio de Janeiro &#8211; UERJ<\/a><\/li>\n \t<li><a href=\"https:\/\/www.rj.gov.br\/rioprevidencia\/Planejamento%20Estrat%C3%A9gico\">Fundo \u00danico de Previd\u00eancia Social do Estado do Rio de Janeiro &#8211; RIOPREVID\u00caNCIA<\/a><\/li>\n \t<li><a href=\"https:\/\/www.inea.rj.gov.br\/wp-content\/uploads\/2023\/12\/Plano-Estrat%C3%A9gico_INEA_2023.2025_Vers%C3%A3o-1.0-2.pdf\">Instituto Estadual do Ambiente &#8211; INEA<\/a><\/li>\n<\/ul>\n<\/div>\n<\/div>\n<div class=\"acordeao-item\"><button class=\"acordeao-header\">\u00d3RG\u00c3OS E ENTIDADES SEM PLANOS ESTRAT\u00c9GICOS (AT\u00c9 O MOMENTO)<\/button>\n<div class=\"acordeao-content\">\n<ul>\n \t<li>Secretaria de Estado da Casa Civil &#8211; SECC<\/li>\n \t<li>Secretaria de Estado da Mulher &#8211; SEM<\/li>\n \t<li>Secretaria de Estado das Cidades &#8211; SECID<\/li>\n \t<li>Secretaria de Estado de Administra\u00e7\u00e3o Penitenci\u00e1ria &#8211; SEAP<\/li>\n \t<li>Secretaria de Estado de Agricultura, Pecu\u00e1ria e Abastecimento &#8211; SEAPA<\/li>\n \t<li>Secretaria de Estado de Ci\u00eancia, Tecnologia e Inova\u00e7\u00e3o &#8211; SECTI<\/li>\n \t<li>Secretaria de Estado de Cultura e Economia e Inova\u00e7\u00e3o &#8211; SECEC<\/li>\n \t<li>Secretaria de Estado de Defesa do Consumidor &#8211; SEDCON<\/li>\n \t<li>Secretaria de Estado de Desenvolvimento Econ\u00f4mico, Ind\u00fastria, Com\u00e9rcio e Servi\u00e7os &#8211; SEDEICS<\/li>\n \t<li>Secretaria de Estado de Desenvolvimento Regional do Interior, Pesca e Agricultura Familiar &#8211; SEDIPAF<\/li>\n \t<li>Secretaria de Estado de Desenvolvimento Social e Direitos Humanos &#8211; SEDSODH<\/li>\n \t<li>Secretaria de Estado de Educa\u00e7\u00e3o &#8211; SEEDUC<\/li>\n \t<li>Secretaria de Estado de Energia e Economia do Mar &#8211; SEENEMAR<\/li>\n \t<li>Secretaria de Estado de Esporte e Lazer &#8211; SEEL<\/li>\n \t<li>Secretaria de Estado de Governo &#8211; SEGOV<\/li>\n \t<li>Secretaria de Estado de Habita\u00e7\u00e3o de Interesse Social &#8211; SEHIS<\/li>\n \t<li>Secretaria de Estado de Infraestrutura e P\u00fablicas &#8211; SEIOP<\/li>\n \t<li>Secretaria de Estado de Pol\u00edcia Militar &#8211; SEPM<\/li>\n \t<li>Secretaria de Estado de Sa\u00fade &#8211; SES<\/li>\n \t<li>Secretaria de Estado de Seguran\u00e7a P\u00fablica &#8211; SESP<\/li>\n \t<li>Secretaria de Estado de Trabalho e Renda &#8211; SETRAB<\/li>\n \t<li>Secretaria de Estado de Transforma\u00e7\u00e3o Digital &#8211; SETD<\/li>\n \t<li>Secretaria de Estado de Transporte e Mobilidade Urbana &#8211; SETRAM<\/li>\n \t<li>Secretaria de Estado de Turismo &#8211; SETUR<\/li>\n \t<li>Secretaria de Estado do Ambiente e Sustentabilidade &#8211; SEAS<\/li>\n \t<li>Secretaria de Estado do Gabinete do Governador &#8211; SEGG<\/li>\n \t<li>Secretaria de Estado Interacional de Juventude e Envelhecimento Saud\u00e1vel &#8211; SEIJES<\/li>\n \t<li>Secretaria Extraordin\u00e1ria de Representa\u00e7\u00e3o do Governo em Bras\u00edlia &#8211; SERGB<\/li>\n \t<li>Ag\u00eancia Reguladora de Energia e Saneamento B\u00e1sico do Estado do Rio de Janeiro &#8211; AGENERSA<\/li>\n \t<li>Ag\u00eancia Reguladora de Servi\u00e7os P\u00fablicos Concedidos de Transportes Aquavi\u00e1rios, Ferrovi\u00e1rios e Metrovi\u00e1rios e Rodovias do Estado do Rio de Janeiro &#8211; AGETRANSP<\/li>\n \t<li>Ag\u00eancia de Fomento do Estado do Rio de Janeiro S.A. &#8211; AGERIO<\/li>\n \t<li>Arquivo P\u00fablico do Estado do Rio de Janeiro &#8211; APERJ<\/li>\n \t<li>Autarquia de Prote\u00e7\u00e3o e Defesa do Consumidor &#8211; PROCON\/RJ<\/li>\n \t<li>Casa da Cultura Laura Alvim<\/li>\n \t<li>Centrais de Abastecimento do Estado do Rio de Janeiro &#8211; CEASA<\/li>\n \t<li>Companhia de Desenvolvimento Industrial do Estado do Rio de Janeiro &#8211; CODIN<\/li>\n \t<li>Companhia de Desenvolvimento Rodovi\u00e1rio e Terminais do Estado do RJ &#8211; CODERTE<\/li>\n \t<li>Companhia de Transportes sobre Trilhos do Estado do Rio de Janeiro &#8211; RIOTRILHOS<\/li>\n \t<li>Companhia de Turismo do Estado do Rio de Janeiro &#8211; TURISRIO<\/li>\n \t<li>Companhia Estadual de Engenharia de Transportes e Log\u00edstica &#8211; CENTRAL<\/li>\n \t<li>Companhia Estadual de Habita\u00e7\u00e3o do Rio de Janeiro &#8211; CEHAB<\/li>\n \t<li>Conselho Estadual de Habita\u00e7\u00e3o do Estado do Rio de Janeiro &#8211; CEDCA<\/li>\n \t<li>Conselho Estadual de Sa\u00fade &#8211; CES<\/li>\n \t<li>Departamento de Recursos Minerais do Estado do Rio de Janeiro &#8211; DRM<\/li>\n \t<li>Departamento de Tr\u00e2nsito do Estado do Rio de Janeiro &#8211; DETRAN<\/li>\n \t<li>Departamento de Transportes Rodovi\u00e1rios do Estado do Rio de Janeiro &#8211; DETRO\/RJ<\/li>\n \t<li>Departamento Geral de A\u00e7\u00f5es Socioeducativas &#8211; DEGASE<\/li>\n \t<li>Empresa de Assist\u00eancia T\u00e9cnica e Extens\u00e3o Rural do Rio de Janeiro &#8211; EMATER<\/li>\n \t<li>Empresa de Obras P\u00fablicas do Estado do Rio de Janeiro &#8211; EMOP<\/li>\n \t<li>Empresa de Pesquisa Agropecu\u00e1ria do Estado do Rio de Janeiro &#8211; PESAGRO<\/li>\n \t<li>Funda\u00e7\u00e3o Anita Mantuano de Artes do Estado do Rio de Janeiro &#8211; FUNARJ<\/li>\n \t<li>Funda\u00e7\u00e3o Carlos Chagas Filho de Amparo \u00e0 Pesquisa do RJ &#8211; FAPERJ<\/li>\n \t<li>Funda\u00e7\u00e3o Casa Fran\u00e7a Brasil &#8211; FCFB<\/li>\n \t<li>Funda\u00e7\u00e3o Centro de Ci\u00eancias e de Educa\u00e7\u00e3o Superior \u00e0 Dist\u00e2ncia do Estado do Rio de Janeiro &#8211; CECIERJ<\/li>\n \t<li>Funda\u00e7\u00e3o Centro Estadual de Estat\u00edsticas, Pesquisas e Forma\u00e7\u00e3o de Servidores P\u00fablicos do Rio de Janeiro &#8211; CEPERJ<\/li>\n \t<li>Funda\u00e7\u00e3o Centro Universit\u00e1rio Estade Apoio \u00e0 Escola T\u00e9cnica do Estado do Rio de Janeiro &#8211; FAETEC<\/li>\n \t<li>Funda\u00e7\u00e3o de Previd\u00eancia Complementar do Estado do Rio de Janeiro &#8211; RJPREV<\/li>\n \t<li>Funda\u00e7\u00e3o Departamento de Estradas e Rodagem &#8211; DER<\/li>\n \t<li>Funda\u00e7\u00e3o Instituto de Pesca do Estado do Rio de Janeiro &#8211; FIPERJ<\/li>\n \t<li>Funda\u00e7\u00e3o Le\u00e3o XIII &#8211; FLXIII<\/li>\n \t<li>Funda\u00e7\u00e3o para a Inf\u00e2ncia e Adolesc\u00eancia &#8211; FIA\/RJ<\/li>\n \t<li>Funda\u00e7\u00e3o Theatro Municipal &#8211; FTM<\/li>\n \t<li>Fundo Especial de Corpo de Bombeiros &#8211; FUNESBOM<\/li>\n \t<li>Gabinete de Seguran\u00e7a Institucional do Estado do Rio de Janeiro &#8211; GSI<\/li>\n \t<li>Imprensa Oficial do Estado do Rio de Janeiro &#8211; IOERJ<\/li>\n \t<li>Instituto de Pesos e Medidas do Estado do Rio de Janeiro &#8211; IPEM<\/li>\n \t<li>Instituto de Seguran\u00e7a P\u00fablica &#8211; ISP<\/li>\n \t<li>Instituto de Terras e Cartografia do Estado do Rio de Janeiro &#8211; ITERJ<\/li>\n \t<li>Instituto Estadual de Engenharia e Arquitetura &#8211; IEEA<\/li>\n \t<li>Instituto Estadual do Patrim\u00f4nio Cultural &#8211; INEPAC<\/li>\n \t<li>Instituto Rio Metr\u00f3pole &#8211; IRM<\/li>\n \t<li>Instituto Vital Brasil S.A. &#8211; IVB<\/li>\n \t<li>Junta Comercial do Estado do Rio de Janeiro &#8211; JUCERJA<\/li>\n \t<li>Loteria do Estado do Rio de Janeiro &#8211; LOTERJ<\/li>\n \t<li>Superintend\u00eancia de Desportos do Estado do Rio de Janeiro &#8211; SUDERJ<\/li>\n \t<li>Universidade Estadual do Norte Fluminense Darcy Ribeiro &#8211; UENF<\/li>\n<\/ul>\n<\/div>\n<\/div>\n<\/div>\n<\/div>\n<\/section>","protected":false},"excerpt":{"rendered":"Plano Estrat\u00e9gico O plano estrat\u00e9gico \u00e9 um instrumento fundamental para orientar a atua\u00e7\u00e3o dos \u00f3rg\u00e3os e entidades governamentais de forma eficiente, transparente e alinhada ao interesse p\u00fablico. Ele permite estabelecer [&hellip;]","protected":false},"author":1,"featured_media":0,"parent":1117,"menu_order":0,"comment_status":"closed","ping_status":"closed","template":"","meta":{"footnotes":""},"class_list":["post-1124","page","type-page","status-publish","hentry"],"_links":{"self":[{"href":"https:\/\/transparencia.cge.rj.gov.br\/transparencia\/wp-json\/wp\/v2\/pages\/1124","targetHints":{"allow":["GET"]}}],"collection":[{"href":"https:\/\/transparencia.cge.rj.gov.br\/transparencia\/wp-json\/wp\/v2\/pages"}],"about":[{"href":"https:\/\/transparencia.cge.rj.gov.br\/transparencia\/wp-json\/wp\/v2\/types\/page"}],"author":[{"embeddable":true,"href":"https:\/\/transparencia.cge.rj.gov.br\/transparencia\/wp-json\/wp\/v2\/users\/1"}],"replies":[{"embeddable":true,"href":"https:\/\/transparencia.cge.rj.gov.br\/transparencia\/wp-json\/wp\/v2\/comments?post=1124"}],"version-history":[{"count":18,"href":"https:\/\/transparencia.cge.rj.gov.br\/transparencia\/wp-json\/wp\/v2\/pages\/1124\/revisions"}],"predecessor-version":[{"id":3147,"href":"https:\/\/transparencia.cge.rj.gov.br\/transparencia\/wp-json\/wp\/v2\/pages\/1124\/revisions\/3147"}],"up":[{"embeddable":true,"href":"https:\/\/transparencia.cge.rj.gov.br\/transparencia\/wp-json\/wp\/v2\/pages\/1117"}],"wp:attachment":[{"href":"https:\/\/transparencia.cge.rj.gov.br\/transparencia\/wp-json\/wp\/v2\/media?parent=1124"}],"curies":[{"name":"wp","href":"https:\/\/api.w.org\/{rel}","templated":true}]}}