{"id":448,"date":"2025-06-17T15:44:08","date_gmt":"2025-06-17T18:44:08","guid":{"rendered":"http:\/\/10.11.82.79:3080\/?page_id=448"},"modified":"2026-04-27T15:31:48","modified_gmt":"2026-04-27T18:31:48","slug":"estrutura-poder-executivo","status":"publish","type":"page","link":"https:\/\/transparencia.cge.rj.gov.br\/transparencia\/estrutura-poder-executivo\/","title":{"rendered":"ESTRUTURA DO PODER EXECUTIVO"},"content":{"rendered":"<h2 class=\"legislacao-titulo\" style=\"width: fit-content; margin-bottom: 30px; margin-top: 60px;\">Estrutura do Poder Executivo<\/h2>\n<div class=\"pagpo-row\">\n<div class=\"pagpo-col\"><a class=\"pagpo-card-link\" href=\"https:\/\/leisestaduais.com.br\/lei\/estrutura-do-poder-executivo-rj?origin=instituicao\" target=\"_blank\" rel=\"noopener\">DECRETO N\u00ba 46.544\n<\/a><\/div>\n<\/div>\n<div class=\"meu-acordeao\">\n<div class=\"acordeao-item\"><button class=\"acordeao-header\">Secretaria de Estado da Casa Civil \u2013 SECC<\/button>\n<div class=\"acordeao-content\">\n\n<a style=\"color: #123265;\" href=\"https:\/\/www.casacivil.rj.gov.br\/\" target=\"_blank\" rel=\"noopener\"><strong>Site Oficial da SECC<\/strong><\/a>\n\n<strong>\u00d3rg\u00e3os subordinados e\/ou vinculados:<\/strong>\n<ul>\n \t<li><a href=\"http:\/\/www.aperj.rj.gov.br\/\" target=\"_blank\" rel=\"noopener\">Arquivo P\u00fablico do Estado do Rio de Janeiro &#8211; APERJ<\/a><\/li>\n \t<li>Banco de Desenvolvimento do Estado do Rio de Janeiro &#8211; BD\/RIO (Em liquida\u00e7\u00e3o)<\/li>\n \t<li>Centrais El\u00e9tricas Fluminense S\/A &#8211; CELF (Em liquida\u00e7\u00e3o)<\/li>\n \t<li>Conselho Consultivo para o Desenvolvimento da Baixada Fluminense<\/li>\n \t<li>Companhia de Metropolitano do Estado do Rio de Janeiro &#8211; Metr\u00f4\/RJ (Em liquida\u00e7\u00e3o)<\/li>\n \t<li>Companhia de Transportes Coletivos do Estado do Rio de Janeiro &#8211; CTC (Em liquida\u00e7\u00e3o)<\/li>\n \t<li><a href=\"https:\/\/cedae.com.br\/\" target=\"_blank\" rel=\"noopener\">Companhia Estadual de \u00c1guas e Esgotos &#8211; CEDAE<\/a><\/li>\n \t<li>Companhia Fluminense de Securitiza\u00e7\u00e3o &#8211; CFSEC<\/li>\n \t<li>Companhia Fluminense de Trens Urbanos &#8211; FLUMITRENS (Em liquida\u00e7\u00e3o)<\/li>\n \t<li>Comiss\u00e3o de \u00c9tica P\u00fablica da Governadoria do Estado &#8211; CEGE<\/li>\n \t<li>Comiss\u00e3o da \u00c9tica P\u00fablica Estadual &#8211; CEPE<\/li>\n \t<li>Conselho Consultivo para o Desenvolvimento da Baixada Fluminense<\/li>\n \t<li>Conselho de Recursos Administrativos dos Servidores do Estado do Rio de Janeiro &#8211; CRASE<\/li>\n \t<li>Conselho Estadual de Arquivos &#8211; CONEARQ<\/li>\n \t<li>Conselho Estadual de Pol\u00edtica Urbana &#8211; CONEPURB<\/li>\n \t<li><a href=\"https:\/\/www.detran.rj.gov.br\/\" target=\"_blank\" rel=\"noopener\">Departamento de Tr\u00e2nsito do Estado do Rio de Janeiro &#8211; DETRAN\/RJ<\/a><\/li>\n \t<li>Distribuidora de T\u00edtulos do Estado do Rio de Janeiro &#8211; DIVERJ (Em liquida\u00e7\u00e3o)<\/li>\n \t<li>Conselho Estadual de Tr\u00e2nsito do Estado do Rio de Janeiro &#8211; CETRAN\/RJ<\/li>\n \t<li><a href=\"https:\/\/www.ceperj.rj.gov.br\/\" target=\"_blank\" rel=\"noopener\">Funda\u00e7\u00e3o Centro Estadual de Estat\u00edsticas, Pesquisas e Forma\u00e7\u00e3o de Servidores P\u00fablicos do Rio de Janeiro &#8211; CEPERJ<\/a><\/li>\n \t<li>Fundo de Programas e Projetos Priorit\u00e1rios &#8211; FPPP<\/li>\n \t<li>Fundo de Desenvolvimento Metropolitano &#8211; FDM<\/li>\n \t<li><a href=\"http:\/\/www.ioerj.com.br\/portal\/\" target=\"_blank\" rel=\"noopener\">Imprensa Oficial do Estado do Rio de Janeiro &#8211; IOERJ<\/a><\/li>\n \t<li><a href=\"http:\/\/www.ipem.rj.gov.br\/Home\/Default.aspx\" target=\"_blank\" rel=\"noopener\">Instituto de Pesos e Medidas &#8211; IPEM<\/a><\/li>\n \t<li><a href=\"http:\/\/www.irm.rj.gov.br\/\" target=\"_blank\" rel=\"noopener\">Instituto Rio Metr\u00f3pole &#8211; IRM<\/a><\/li>\n \t<li><a href=\"http:\/\/www.loterj.rj.gov.br\/\" target=\"_blank\" rel=\"noopener\">Loteria do Estado do Rio de Janeiro &#8211; LOTERJ<\/a><\/li>\n<\/ul>\n<\/div>\n<\/div>\n<div class=\"acordeao-item\"><button class=\"acordeao-header\">Secretaria de Estado do Gabinete do Governador &#8211; SEGG<\/button>\n<div class=\"acordeao-content\">\n\n<a style=\"color: #123265;\" href=\"https:\/\/www.rj.gov.br\/\" target=\"_blank\" rel=\"noopener\"><strong>Site Oficial da SEGG<\/strong><\/a>\n\n<strong>\u00d3rg\u00e3os subordinados e\/ou vinculados:<\/strong>\n<ul><\/ul>\nN\u00e3o possui \u00f3rg\u00e3o subordinado.\n\n<\/div>\n<\/div>\n<div class=\"acordeao-item\"><button class=\"acordeao-header\">Secretaria de Estado de Governo &#8211; SEGOV<\/button>\n<div class=\"acordeao-content\">\n\n<a style=\"color: #123265;\" href=\"https:\/\/www.rj.gov.br\/segov\/institucional\" target=\"_blank\" rel=\"noopener\"><strong>Site Oficial da SEGOV<\/strong><\/a>\n\n<a href=\"https:\/\/www.rj.gov.br\/segov\/institucional\"><strong>Compet\u00eancias da SEGOV<\/strong><\/a>\n\n<strong>\u00d3rg\u00e3os subordinados e\/ou vinculados:<\/strong>\n<ul>\n \t<li>Fundo Estadual de Financiamento da Opera\u00e7\u00e3o Seguran\u00e7a Presente &#8211; FEFOSP<\/li>\n<\/ul>\n<\/div>\n<\/div>\n<div class=\"acordeao-item\"><button class=\"acordeao-header\">Secretaria de Estado de Planejamento e Gest\u00e3o \u2013 SEPLAG<\/button>\n<div class=\"acordeao-content\">\n\n<a style=\"color: #123265;\" href=\"https:\/\/www.rj.gov.br\/planejamento\/competencias\" target=\"_blank\" rel=\"noopener\"><strong>Site Oficial da SEPLAG<\/strong><\/a>\n\n<a href=\"https:\/\/www.rj.gov.br\/planejamento\/competencias\"><strong>Compet\u00eancias da SEPLAG<\/strong><\/a>\n\n<strong>\u00d3rg\u00e3os subordinados e\/ou vinculados:<\/strong>\n<ul>\n \t<li>Fundo Especial do Dep\u00f3sito P\u00fablico &#8211; FUNDEP<\/li>\n<\/ul>\n<\/div>\n<\/div>\n<div class=\"acordeao-item\"><button class=\"acordeao-header\">Secretaria de Estado de Fazenda \u2013 SEFAZ<\/button>\n<div class=\"acordeao-content\">\n\n<a style=\"color: #123265;\" href=\"https:\/\/portal.fazenda.rj.gov.br\/\" target=\"_blank\" rel=\"noopener\"><strong>Site Oficial da SEFAZ<\/strong><\/a>\n\n<a href=\"https:\/\/portal.fazenda.rj.gov.br\/transparencia\/wp-content\/uploads\/sites\/16\/2023\/12\/4066Regimento-Interno.pdf\"><strong>Compet\u00eancias da SEFAZ<\/strong><\/a>\n\n<strong>\u00d3rg\u00e3os subordinados e\/ou vinculados:<\/strong>\n<ul>\n \t<li>Fundo de Privatiza\u00e7\u00e3o do Estado do Rio de Janeiro &#8211; CPP\/RJ<\/li>\n \t<li><a href=\"https:\/\/www.rj.gov.br\/rioprevidencia\/\" target=\"_blank\" rel=\"noopener\">Fundo \u00danico de Previd\u00eancia Social do Estado Rio de Janeiro &#8211; RIOPREVID\u00caNCIA<\/a><\/li>\n \t<li><a href=\"http:\/\/www.rjprev.rj.gov.br\/\" target=\"_blank\" rel=\"noopener\">Funda\u00e7\u00e3o de Previd\u00eancia Complementar do Estado do Rio de Janeiro &#8211; RJPREV<\/a><\/li>\n<\/ul>\n<\/div>\n<\/div>\n<div class=\"acordeao-item\"><button class=\"acordeao-header\">Secretaria de Estado de Desenvolvimento Econ\u00f4mico, Ind\u00fastria, Com\u00e9rcio e Servi\u00e7os &#8211; SEDEICS<\/button>\n<div class=\"acordeao-content\">\n\n<a style=\"color: #123265;\" href=\"https:\/\/www.rj.gov.br\/desenvolvimento\" target=\"_blank\" rel=\"noopener\"><strong>Site Oficial da SEDEICS<\/strong><\/a>\n\n<strong>\u00d3rg\u00e3os subordinados e\/ou vinculados:<\/strong>\n<ul>\n \t<li><a href=\"https:\/\/www.agerio.com.br\/\" target=\"_blank\" rel=\"noopener\">Ag\u00eancia de Fomento do Estado do Rio de Janeiro &#8211; AgeRio<\/a><\/li>\n \t<li><a href=\"https:\/\/www.codin.rj.gov.br\/?lang=en\" target=\"_blank\" rel=\"noopener\">Companhia de Desenvolvimento Industrial do Estado do Rio de Janeiro &#8211; CODIN<\/a><\/li>\n \t<li>Fundo do Desenvolvimento Econ\u00f4mico e Social &#8211; FUNDES<\/li>\n \t<li><a href=\"http:\/\/www.jucerja.rj.gov.br\/\" target=\"_blank\" rel=\"noopener\">Junta Comercial do Estado do Rio de Janeiro &#8211; JUCERJA<\/a><\/li>\n \t<li>Fundo de Recupera\u00e7\u00e3o Econ\u00f4mica dos Munic\u00edpios Fluminenses &#8211; FREMF<\/li>\n \t<li><a href=\"http:\/\/www.drm.rj.gov.br\/\" target=\"_blank\" rel=\"noopener\">Departamento de Recursos Minerais do Estado do Rio de Janeiro &#8211; DRM<\/a><\/li>\n \t<li>Comiss\u00e3o Permanente de Pol\u00edticas para o Desenvolvimento Econ\u00f4mico do Estado do Rio de Janeiro &#8211; CPPDE<\/li>\n \t<li>Conselho Gestor do Fundo Soberano &#8211; CGFS<\/li>\n \t<li>Conselho Consultivo do Fundo Soberano &#8211; CCFS<\/li>\n<\/ul>\n<\/div>\n<\/div>\n<div class=\"acordeao-item\"><button class=\"acordeao-header\">Secretaria de Estado de Pol\u00edcia Militar &#8211; SEPM<\/button>\n<div class=\"acordeao-content\">\n\n<a style=\"color: #123265;\" href=\"https:\/\/sepm.rj.gov.br\/\" target=\"_blank\" rel=\"noopener\"><strong>Site Oficial da SEPM<\/strong><\/a>\n\n<a href=\"https:\/\/sepm.rj.gov.br\/decreto-no-46-600-de-18-de-marco-de-2019\/\"><strong>Compet\u00eancias da SEPM<\/strong><\/a>\n\n<strong>\u00d3rg\u00e3os subordinados e\/ou vinculados:<\/strong>\n<ul>\n \t<li>Fundo Estadual de Investimentos e A\u00e7\u00f5es de Seguran\u00e7a P\u00fablica e Desenvolvimento Social &#8211; FISED<\/li>\n \t<li>Fundo Especial da Pol\u00edcia Militar do Estado do Rio de Janeiro &#8211; FUNESPOM<\/li>\n<\/ul>\n<\/div>\n<\/div>\n<div class=\"acordeao-item\"><button class=\"acordeao-header\">Secretaria de Estado de Pol\u00edcia Civil &#8211; SEPOL<\/button>\n<div class=\"acordeao-content\">\n\n<a style=\"color: #123265;\" href=\"https:\/\/www.policiacivil.rj.gov.br\/\" target=\"_blank\" rel=\"noopener\"><strong>Site Oficial da SEPOL<\/strong><\/a>\n\n<a href=\"https:\/\/www.policiacivil.rj.gov.br\/menuTransparencia\/institucional\/estruturaOrganizacional\"><strong>Compet\u00eancias da SEPOL<\/strong><\/a>\n\n<strong>\u00d3rg\u00e3os subordinados e\/ou vinculados:<\/strong>\n<ul>\n \t<li>Fundo Especial da ACADEPOL<\/li>\n \t<li>Instituto de Identifica\u00e7\u00e3o F\u00e9lix Pacheco &#8211; IIFP<\/li>\n \t<li>Instituto M\u00e9dico Legal &#8211; IML<\/li>\n \t<li>Fundo Especial da Pol\u00edcia Civil &#8211; FUNESPOL<\/li>\n<\/ul>\n<\/div>\n<\/div>\n<div class=\"acordeao-item\"><button class=\"acordeao-header\">Secretaria de Estado de Administra\u00e7\u00e3o Penitenci\u00e1ria &#8211; SEAP<\/button>\n<div class=\"acordeao-content\">\n\n<a style=\"color: #123265;\" href=\"https:\/\/www.seap.rj.gov.br\/\" target=\"_blank\" rel=\"noopener\"><strong>Site Oficial da SEAP<\/strong><\/a>\n\n<a href=\"https:\/\/www.rj.gov.br\/admpenitenciaria\/sites\/default\/files\/arquivos_paginas\/DECRETO%20N%C2%BA%2049.689%20DE%2025%20DE%20JUNHO%20DE%202025.pdf\"><strong>Compet\u00eancias da SEAP<\/strong><\/a>\n\n<strong>\u00d3rg\u00e3os subordinados e\/ou vinculados:<\/strong>\n<ul>\n \t<li><a href=\"https:\/\/santacabrini.rj.gov.br\/\" target=\"_blank\" rel=\"noopener\">Funda\u00e7\u00e3o Santa Cabrini &#8211; FSC<\/a><\/li>\n \t<li>Fundo Especial Penitenci\u00e1rio &#8211; FUESP<\/li>\n<\/ul>\n<\/div>\n<\/div>\n<div class=\"acordeao-item\"><button class=\"acordeao-header\">Secretaria de Estado de Defesa Civil &#8211; SEDEC<\/button>\n<div class=\"acordeao-content\">\n\n<a style=\"color: #123265;\" href=\"https:\/\/www.defesacivil.rj.gov.br\/\" target=\"_blank\" rel=\"noopener\"><strong>Site Oficial da SEDEC<\/strong><\/a>\n\n<strong>\u00d3rg\u00e3os subordinados e\/ou vinculados:<\/strong>\n<ul>\n \t<li><a href=\"https:\/\/www.funesbom.rj.gov.br\/\" target=\"_blank\" rel=\"noopener\">Fundo Especial de Corpo de Bombeiros &#8211; FUNESBOM<\/a><\/li>\n<\/ul>\n<\/div>\n<\/div>\n<div class=\"acordeao-item\"><button class=\"acordeao-header\">Secretaria de Estado de Sa\u00fade &#8211; SES<\/button>\n<div class=\"acordeao-content\">\n\n<a style=\"color: #123265;\" href=\"https:\/\/www.saude.rj.gov.br\/\" target=\"_blank\" rel=\"noopener\"><strong>Site Oficial da SES<\/strong><\/a>\n\n<a href=\"https:\/\/www.rj.gov.br\/saude\/sites\/default\/files\/arquivo_pagina_basica\/5.REGIMENTO-INTERNO-SES-RJ-FINALIZADO__%2023-02-2022.pdf\"><strong>Compet\u00eancias da SES<\/strong><\/a>\n\n<strong>\u00d3rg\u00e3os subordinados e\/ou vinculados:<\/strong>\n<ul>\n \t<li>Conselho Estadual de Luta contra a Tuberculose<\/li>\n \t<li><a href=\"https:\/\/cesrj.org\/\" target=\"_blank\" rel=\"noopener\">Conselho Estadual de Sa\u00fade &#8211; CES<\/a><\/li>\n \t<li>Comiss\u00e3o de Intergestores Bipartite &#8211; CIB<\/li>\n \t<li><a href=\"http:\/\/www.fs.rj.gov.br\/\" target=\"_blank\" rel=\"noopener\">Funda\u00e7\u00e3o Sa\u00fade do Estado do Rio de Janeiro &#8211; FSERJ<\/a><\/li>\n \t<li>Fundo Estadual de Sa\u00fade &#8211; FES<\/li>\n \t<li>Instituto de Assist\u00eancia dos Servidores do Estado do Rio de Janeiro &#8211; IASERJ<\/li>\n \t<li><a href=\"http:\/\/www.ivb.rj.gov.br\/\" target=\"_blank\" rel=\"noopener\">Instituto Vital Brazil S.A. &#8211; IVB<\/a><\/li>\n<\/ul>\n<\/div>\n<\/div>\n<div class=\"acordeao-item\"><button class=\"acordeao-header\">Secretaria de Estado de Educa\u00e7\u00e3o &#8211; SEEDUC<\/button>\n<div class=\"acordeao-content\">\n\n<a style=\"color: #123265;\" href=\"https:\/\/www.seeduc.rj.gov.br\/\" target=\"_blank\" rel=\"noopener\"><strong>Site Oficial da SEEDUC<\/strong><\/a>\n\n<a href=\"https:\/\/drive.google.com\/file\/d\/1bGJnxoHRsN4ILhiRmaT0bNRmBMiAxY0P\/view\"><strong>Compet\u00eancias da SEEDUC<\/strong><\/a>\n\n<strong>\u00d3rg\u00e3os subordinados e\/ou vinculados:<\/strong>\n<ul>\n \t<li>Conselho Estadual de Alimenta\u00e7\u00e3o Escolar &#8211; CEAE<\/li>\n \t<li>Conselho Gestor do Fundo de Manuten\u00e7\u00e3o e Desenvolvimento do Ensino Fundamental e da Valoriza\u00e7\u00e3o do Magist\u00e9rio do Estado do Rio de Janeiro &#8211; FUNDEB<\/li>\n \t<li>Conselho Estadual de Educa\u00e7\u00e3o Ind\u00edgena &#8211; CEEI<\/li>\n \t<li><a href=\"http:\/\/www.degase.rj.gov.br\/\" target=\"_blank\" rel=\"noopener\">Departamento Geral de A\u00e7\u00f5es Socioeducativas &#8211; DEGASE<\/a><\/li>\n<\/ul>\n<\/div>\n<\/div>\n<div class=\"acordeao-item\"><button class=\"acordeao-header\">Secretaria de Estado de Ci\u00eancia, Tecnologia e Inova\u00e7\u00e3o &#8211; SECTI<\/button>\n<div class=\"acordeao-content\">\n\n<a style=\"color: #123265;\" href=\"https:\/\/www.secti.rj.gov.br\/\" target=\"_blank\" rel=\"noopener\"><strong>Site Oficial da SECTI<\/strong><\/a>\n\n<a href=\"https:\/\/www.rj.gov.br\/tecnologia\/node\/143\"><strong>Compet\u00eancias da SECTI<\/strong><\/a>\n\n<strong>\u00d3rg\u00e3os subordinados e\/ou vinculados:<\/strong>\n<ul>\n \t<li><a href=\"https:\/\/www.uerj.br\/\" target=\"_blank\" rel=\"noopener\">Funda\u00e7\u00e3o Centro Universit\u00e1rio Estadual da Zona Oeste &#8211; UEZO<\/a><\/li>\n \t<li><a href=\"https:\/\/www.faperj.br\/\" target=\"_blank\" rel=\"noopener\">Funda\u00e7\u00e3o Carlos Chagas Filho de Amparo \u00e0 Pesquisa do RJ &#8211; FAPERJ<\/a><\/li>\n \t<li><a href=\"https:\/\/www.cecierj.edu.br\/\" target=\"_blank\" rel=\"noopener\">Funda\u00e7\u00e3o Centro de Ci\u00eancias e de Educa\u00e7\u00e3o Superior a Dist\u00e2ncia do Estado do RJ &#8211; CECIERJ<\/a><\/li>\n \t<li><a href=\"http:\/\/www.faetec.rj.gov.br\/\" target=\"_blank\" rel=\"noopener\">Funda\u00e7\u00e3o de Apoio \u00e0 Escola T\u00e9cnica do Estado do Rio de Janeiro &#8211; FAETEC<\/a><\/li>\n \t<li>Fundo de Apoio ao Desenvolvimento Tecnol\u00f3gico &#8211; FATEC<\/li>\n \t<li>Fundo para as Ci\u00eancias do Estado do Rio de Janeiro &#8211; FUNCIERJ<\/li>\n \t<li><a href=\"http:\/\/www.uerj.gov.br\/\" target=\"_blank\" rel=\"noopener\">Funda\u00e7\u00e3o Universidade do Estado do Rio de Janeiro &#8211; UERJ<\/a><\/li>\n \t<li><a href=\"http:\/\/www.uenf.br\" target=\"_blank\" rel=\"noopener\">Universidade Estadual do Norte Fluminense Darcy Ribeiro &#8211; UENF<\/a><\/li>\n \t<li>Conselho Estadual de Ci\u00eancia e Tecnologia<\/li>\n<\/ul>\n<\/div>\n<\/div>\n<div class=\"acordeao-item\"><button class=\"acordeao-header\">Secretaria de Estado de Transporte e Mobilidade Urbana &#8211; SETRAM<\/button>\n<div class=\"acordeao-content\">\n\n<a style=\"color: #123265;\" href=\"https:\/\/www.rj.gov.br\/transporte\" target=\"_blank\" rel=\"noopener\"><strong>Site Oficial da SETRAM<\/strong><\/a>\n\n<a href=\"https:\/\/www.rj.gov.br\/transporte\/sites\/default\/files\/arquivos_paginas\/15378RegimentoInterno.pdf\"><strong>Compet\u00eancias da SETRAM<\/strong><\/a>\n\n<strong>\u00d3rg\u00e3os subordinados e\/ou vinculados:<\/strong>\n<ul>\n \t<li>Ag\u00eancia Metropolitana de Transportes Urbanos &#8211; AMTU<\/li>\n \t<li><a href=\"http:\/\/www.riotrilhos.rj.gov.br\/\" target=\"_blank\" rel=\"noopener\">Companhia de Transportes sobre Trilhos do Estado do Rio de Janeiro &#8211; RIOTRILHOS<\/a><\/li>\n \t<li><a href=\"http:\/\/www.central.rj.gov.br\/\" target=\"_blank\" rel=\"noopener\">Companhia Estadual de Engenharia de Transportes e Log\u00edstica &#8211; CENTRAL<\/a><\/li>\n \t<li><a href=\"http:\/\/www.coderte.rj.gov.br\/\" target=\"_blank\" rel=\"noopener\">Companhia de Desenvolvimento Rodovi\u00e1rio e Terminais do Estado do RJ &#8211; CODERTE<\/a><\/li>\n \t<li><a href=\"http:\/\/www.detro.rj.gov.br\/\" target=\"_blank\" rel=\"noopener\">Departamento de Transportes Rodovi\u00e1rios do Estado do Rio de Janeiro &#8211; DETRO<\/a><\/li>\n \t<li>Fundo Estadual de Transportes &#8211; FET<\/li>\n \t<li>Fundo para Opera\u00e7\u00e3o e Melhoria dos Transportes Coletivos Metropolitanos &#8211; FOM Transportes<\/li>\n \t<li>Conselho Estadual de Transportes e Log\u00edstica &#8211; CETL<\/li>\n \t<li><a href=\"https:\/\/www.agetransp.rj.gov.br\/\" target=\"_blank\" rel=\"noopener\">Ag\u00eancia Reguladora dos Servi\u00e7os P\u00fablicos Concedidos de Transportes Aquavi\u00e1rios, Ferrovi\u00e1rios e Metrovi\u00e1rios e Rodovias do Estado do RJ &#8211; AGETRANSP<\/a><\/li>\n \t<li>Conselho Gestor do PELC\/RJ-2045 &#8211; Plano Estrat\u00e9gico de Log\u00edstica e Cargas do Rio de Janeiro<\/li>\n \t<li>Comit\u00ea Integrado de Governan\u00e7a de Tecnologia da Informa\u00e7\u00e3o e Comunica\u00e7\u00e3o &#8211; CIGTIC<\/li>\n \t<li>Comit\u00ea de Governan\u00e7a &#8211; CGSETRANS<\/li>\n \t<li>Comiss\u00e3o de Gest\u00e3o de Documental<\/li>\n<\/ul>\n<\/div>\n<\/div>\n<div class=\"acordeao-item\"><button class=\"acordeao-header\">Secretaria de Estado do Ambiente e Sustentabilidade &#8211; SEAS<\/button>\n<div class=\"acordeao-content\">\n\n<a style=\"color: #123265;\" href=\"https:\/\/www.rj.gov.br\/seas\/\" target=\"_blank\" rel=\"noopener\"><strong>Site Oficial da SEAS<\/strong><\/a>\n\n<a href=\"https:\/\/www.rj.gov.br\/seas\/sites\/default\/files\/arquivos_paginas\/Decreto%20N%2046.62719.pdf\"><strong>Compet\u00eancias da SEAS<\/strong><\/a>\n\n<strong>\u00d3rg\u00e3os subordinados e\/ou vinculados:<\/strong>\n<ul>\n \t<li>Conselho Deliberativo do Programa &#8211; PROSANEA<\/li>\n \t<li>Comiss\u00e3o Estadual de Controle Ambiental &#8211; CECA<\/li>\n \t<li>Conselho Estadual de Meio Ambiente &#8211; CONEMA<\/li>\n \t<li>Conselho Estadual de Recursos H\u00eddricos &#8211; CERHI<\/li>\n \t<li>Conselho Superior do FECAM<\/li>\n \t<li>Fundo Estadual de Conserva\u00e7\u00e3o Ambiental e Desenvolvimento Urbano &#8211; FECAM<\/li>\n \t<li>Fundo Estadual de Recursos H\u00eddricos &#8211; FUNDRHI<\/li>\n \t<li><a href=\"http:\/\/www.inea.rj.gov.br\/\" target=\"_blank\" rel=\"noopener\">Instituto Estadual de Meio Ambiente &#8211; INEA<\/a><\/li>\n \t<li>Fundo de Terras do Estado do Rio de Janeiro &#8211; FUNTERJ<\/li>\n \t<li>C\u00e2mara de Compensa\u00e7\u00e3o Ambiental do Estado do Rio de Janeiro &#8211; CCA<\/li>\n \t<li>Centro de Refer\u00eancia de Seguran\u00e7a e Crimes Ambientais &#8211; CRESCA<\/li>\n \t<li>Comiss\u00e3o Permanente para o Desenvolvimento Sustent\u00e1vel do Estado do Rio de Janeiro &#8211; CODESUS\/RJ<\/li>\n \t<li>Conselho Gestor da Baia de Guanabara<\/li>\n \t<li>Conselho Consultivo de Gest\u00e3o da Bacia Hidrogr\u00e1fica da Lagoa Rodrigo de Freitas &#8211; Munic\u00edpio do Rio de Janeiro.<\/li>\n \t<li>Conselho Estadual de Prote\u00e7\u00e3o Aos Animais RJ &#8211; CONEPA<\/li>\n \t<li>Conselho Gestor \u00c1rea de Prote\u00e7\u00e3o Ambiental Pau Brasil<\/li>\n<\/ul>\n<\/div>\n<\/div>\n<div class=\"acordeao-item\"><button class=\"acordeao-header\">Secretaria de Estado de Agricultura, Pecu\u00e1ria e Abastecimento &#8211; SEAPA<\/button>\n<div class=\"acordeao-content\">\n\n<a style=\"color: #123265;\" href=\"https:\/\/www.rj.gov.br\/agricultura\/\" target=\"_blank\" rel=\"noopener\"><strong>Site Oficial da SEAPA<\/strong><\/a>\n\n<a href=\"https:\/\/www.rj.gov.br\/agricultura\/sites\/default\/files\/2024-06\/SEAPPA_atua%C3%A7%C3%A3o%20e%20compet%C3%AAncias.pdf%20%281%29.pdf\">Compet\u00eancias da SEAPA<\/a>\n\n<strong>\u00d3rg\u00e3os subordinados e\/ou vinculados:<\/strong>\n<ul>\n \t<li>Conselho Estadual de Desenvolvimento Rural e Sustent\u00e1vel &#8211; CEDRUS<\/li>\n \t<li>Conselho Estadual de Pol\u00edtica Agr\u00e1ria &#8211; CEPA<\/li>\n \t<li><a href=\"http:\/\/www.pesagro.rj.gov.br\/\" target=\"_blank\" rel=\"noopener\">Empresa de Pesquisa Agropecu\u00e1ria do Estado do Rio de Janeiro &#8211; PESAGRO<\/a><\/li>\n \t<li>Fundo Estadual de Defesa Agropecu\u00e1ria<\/li>\n \t<li><a href=\"http:\/\/www.ceasa.rj.gov.br\/\" target=\"_blank\" rel=\"noopener\">Centrais de Abastecimento do Estado do Rio de Janeiro &#8211; CEASA<\/a><\/li>\n \t<li>Companhia Central de Armaz\u00e9ns e Silos do Estado do Rio de Janeiro &#8211; CASERJ<\/li>\n<\/ul>\n<\/div>\n<\/div>\n<div class=\"acordeao-item\"><button class=\"acordeao-header\">Secretaria de Estado de Desenvolvimento Regional do Interior, Pesca e Agricultura Familiar &#8211; SEDIPAF<\/button>\n<div class=\"acordeao-content\">\n\n<a style=\"color: #123265;\" href=\"https:\/\/www.rj.gov.br\/sedipaf\" target=\"_blank\" rel=\"noopener\"><strong>Site Oficial da SEDIPAF<\/strong><\/a>\n\n<strong>\u00d3rg\u00e3os subordinados e\/ou vinculados:<\/strong>\n<ul>\n \t<li>Conselho Estadual de Pesca e Aquicultura Sustent\u00e1vel &#8211; CONEPAS<\/li>\n \t<li>Conselho Estadual de Pol\u00edtica Agr\u00edcola e Pesqueira &#8211; CEPAP\/RJ<\/li>\n \t<li><a href=\"http:\/\/www.emater.rj.gov.br\/\" target=\"_blank\" rel=\"noopener\">Empresa de Assist\u00eancia T\u00e9cnica e Extens\u00e3o Rural do Rio Janeiro &#8211; EMATER<\/a><\/li>\n \t<li><a href=\"http:\/\/www.fiperj.rj.gov.br\/\" target=\"_blank\" rel=\"noopener\">Funda\u00e7\u00e3o Instituto da Pesca do Estado do Rio de Janeiro &#8211; FIPERJ<\/a><\/li>\n<\/ul>\n<\/div>\n<\/div>\n<div class=\"acordeao-item\"><button class=\"acordeao-header\">Secretaria de Estado de Cultura e Economia Criativa &#8211; SECEC<\/button>\n<div class=\"acordeao-content\">\n\n<a style=\"color: #123265;\" href=\"https:\/\/cultura.rj.gov.br\/\" target=\"_blank\" rel=\"noopener\"><strong>Site Oficial da SECEC<\/strong><\/a>\n\n<a href=\"https:\/\/cultura.rj.gov.br\/institucional-competencias\/\"><strong>Compet\u00eancias da SECEC<\/strong><\/a>\n\n<strong>\u00d3rg\u00e3os subordinados e\/ou vinculados:<\/strong>\n<ul>\n \t<li>Biblioteca Parque Estadual do Rio de Janeiro &#8211; BPERJ<\/li>\n \t<li><a href=\"http:\/\/cultura.rj.gov.br\/casa-de-cultura-laura-alvim\/\" target=\"_blank\" rel=\"noopener\">Casa de Cultura Laura Alvim<\/a><\/li>\n \t<li>Conselho Estadual de Cultura &#8211; CEC<\/li>\n \t<li>Conselho Estadual de Tombamento &#8211; CET<\/li>\n \t<li>Conselho Estadual de Pol\u00edtica Cultural &#8211; CEPC<\/li>\n \t<li><a href=\"http:\/\/www.funarj.rj.gov.br\/\" target=\"_blank\" rel=\"noopener\">Funda\u00e7\u00e3o Anita Mantuano de Artes do Estado do Rio de Janeiro &#8211; FUNARJ<\/a><\/li>\n \t<li><a href=\"http:\/\/www.mis.rj.gov.br\/\" target=\"_blank\" rel=\"noopener\">Funda\u00e7\u00e3o Museu da Imagem e do Som &#8211; FMIS<\/a><\/li>\n \t<li><a href=\"http:\/\/theatromunicipal.rj.gov.br\/\" target=\"_blank\" rel=\"noopener\">Funda\u00e7\u00e3o Theatro Municipal &#8211; FTM<\/a><\/li>\n \t<li><a href=\"http:\/\/www.inepac.rj.gov.br\/\" target=\"_blank\" rel=\"noopener\">Instituto Estadual do Patrim\u00f4nio Cultural- INEPAC<\/a><\/li>\n \t<li>Sala Cec\u00edlia Meireles<\/li>\n<\/ul>\n<\/div>\n<\/div>\n<div class=\"acordeao-item\"><button class=\"acordeao-header\">Secretaria de Estado de Desenvolvimento Social e Direitos Humanos &#8211; SEDSODH<\/button>\n<div class=\"acordeao-content\">\n\n<a style=\"color: #123265;\" href=\"https:\/\/www.rj.gov.br\/secsocial\" target=\"_blank\" rel=\"noopener\"><strong>Site Oficial da SEDSODH<\/strong><\/a>\n\n<strong>\u00d3rg\u00e3os subordinados e\/ou vinculados:<\/strong>\n<ul>\n \t<li>Conselho Estadual de Assist\u00eancia Social &#8211; CEAS<\/li>\n \t<li>Conselho Estadual de Seguran\u00e7a Alimentar e Nutruicional &#8211; CONSEA<\/li>\n \t<li>Conselho Estadual de Defesa Social e Promo\u00e7\u00e3o da Cidadania<\/li>\n \t<li>Conselho Estadual para a Pol\u00edtica de Integra\u00e7\u00e3o da Pessoa com Defici\u00eancia- CEPDE<\/li>\n \t<li>Conselho Estadual dos Direitos da Popula\u00e7\u00e3o LGBT &#8211; CELGBT<\/li>\n \t<li>Conselho Estadual de Defesa e Promo\u00e7\u00e3o da Liberdade Religiosa &#8211; CONEPLIR<\/li>\n \t<li>Conselho Estadual dos Direitos Ind\u00edgenas &#8211; CEDIND<\/li>\n \t<li>Conselho Estadual dos Direitos do Negro e Promo\u00e7\u00e3o da Igualdade Racial &#8211; CEDINEPIR\/RJ<\/li>\n \t<li>Conselho Estadual de Defesa dos Direitos Humanos &#8211; CEDDH<\/li>\n \t<li>Conselho Estadual de Pol\u00edticas P\u00fablicas sobre Drogas &#8211; CEPOPD<\/li>\n \t<li>Fundo Estadual de Assist\u00eancia Social &#8211; FEAS<\/li>\n \t<li>Fundo Especial de Preven\u00e7\u00e3o, Fiscaliza\u00e7\u00e3o e Repress\u00e3o de Entorpecentes &#8211; FESPREN<\/li>\n \t<li>Fundo Especial dos Direitos do Negro &#8211; FEDINE<\/li>\n \t<li>Fundo de Defesa Social e Promo\u00e7\u00e3o da Cidadania &#8211; FDSPC<\/li>\n \t<li>Fundo para a Pol\u00edtica de Integra\u00e7\u00e3o da Pessoa Portadora de Defici\u00eancia &#8211; FUPDE<\/li>\n \t<li><a href=\"http:\/\/www.leaoxiii.rj.gov.br\/\" target=\"_blank\" rel=\"noopener\">Funda\u00e7\u00e3o Le\u00e3o XIII<\/a><\/li>\n \t<li><a href=\"http:\/\/www.fia.rj.gov.br\/\" target=\"_blank\" rel=\"noopener\">Funda\u00e7\u00e3o para a Inf\u00e2ncia e Adolesc\u00eancia &#8211; FIA\/RJ<\/a><\/li>\n \t<li>Fundo para a Inf\u00e2ncia e Adolesc\u00eancia &#8211; FIA<\/li>\n<\/ul>\n<\/div>\n<\/div>\n<div class=\"acordeao-item\"><button class=\"acordeao-header\">Secretaria de Estado de Esporte e Lazer &#8211; SEEL<\/button>\n<div class=\"acordeao-content\">\n\n<a style=\"color: #123265;\" href=\"https:\/\/www.rj.gov.br\/esporte\" target=\"_blank\" rel=\"noopener\"><strong>Site Oficial da SEEL<\/strong><\/a>\n\n<strong>\u00d3rg\u00e3os subordinados e\/ou vinculados:<\/strong>\n<ul>\n \t<li><a href=\"http:\/\/www.suderj.rj.gov.br\/\" target=\"_blank\" rel=\"noopener\">Superintend\u00eancia de Desportos do Estado do RJ &#8211; SUDERJ<\/a><\/li>\n \t<li>Conselho Estadual de Desportos &#8211; CED<\/li>\n \t<li>Conselho Estadual do Futebol do Rio de Janeiro &#8211; CONEFUT<\/li>\n \t<li>Funda\u00e7\u00e3o Garantia do Atleta Profissional &#8211; FUGAP<\/li>\n<\/ul>\n<\/div>\n<\/div>\n<div class=\"acordeao-item\"><button class=\"acordeao-header\">Secretaria de Estado de Turismo &#8211; SETUR<\/button>\n<div class=\"acordeao-content\">\n\n<a style=\"color: #123265;\" href=\"https:\/\/www.turismo.rj.gov.br\/\" target=\"_blank\" rel=\"noopener\"><strong>Site Oficial da SETUR<\/strong><\/a>\n\n<a href=\"https:\/\/drive.google.com\/file\/d\/1JF8VrypPzrOHIlpiUinG2O7bptVBK3dT\/view\"><strong>Compet\u00eancias da SETUR<\/strong><\/a>\n\n<strong>\u00d3rg\u00e3os subordinados e\/ou vinculados:<\/strong>\n<ul>\n \t<li>Comit\u00ea Gestor Estadual de Turismo Rural e Agroturismo &#8211; COGETURA<\/li>\n \t<li><a href=\"http:\/\/www.turisrio.rj.gov.br\/\" target=\"_blank\" rel=\"noopener\">Companhia de Turismo do Estado do Rio de Janeiro &#8211; TURISRIO<\/a><\/li>\n \t<li>Conselho Estadual de Turismo &#8211; CET<\/li>\n<\/ul>\n<\/div>\n<\/div>\n<div class=\"acordeao-item\"><button class=\"acordeao-header\">Controladoria Geral do Estado &#8211; CGE<\/button>\n<div class=\"acordeao-content\">\n\n<a style=\"color: #123265;\" href=\"https:\/\/cge.rj.gov.br\/\" target=\"_blank\" rel=\"noopener\"><strong>Site Oficial da CGE<\/strong><\/a>\n\n<a href=\"https:\/\/cge.rj.gov.br\/competencias-aba-cge\/\">Compet\u00eancias da CGE<\/a>\n\n<strong>\u00d3rg\u00e3os subordinados e\/ou vinculados:<\/strong>\n<ul><\/ul>\nN\u00e3o possui \u00f3rg\u00e3o subordinado.\n\n<\/div>\n<\/div>\n<div class=\"acordeao-item\"><button class=\"acordeao-header\">Gabinete de Seguran\u00e7a Institucional do Governo do Estado do Rio de Janeiro &#8211; GSI<\/button>\n<div class=\"acordeao-content\">\n\n<a style=\"color: #123265;\" href=\"https:\/\/www.rj.gov.br\/gsi\/\" target=\"_blank\" rel=\"noopener\"><strong>Site Oficial do GSI<\/strong><\/a>\n\n<a href=\"https:\/\/www.rj.gov.br\/gsi\/sites\/default\/files\/arquivos_paginas\/DECRETO_20N_C2_BA_2047.443_20DE_2007_20DE_20JANEIRO_20DE_202021_ALTERA_20A_20ESTRUTURA_20ORGANIZACIONAL_20DO_20GSI.pdf_0.pdf\">Compet\u00eancias do GSI<\/a>\n\n<strong>\u00d3rg\u00e3os subordinados e\/ou vinculados:<\/strong>\n<ul><\/ul>\nN\u00e3o possui \u00f3rg\u00e3o subordinado.\n\n<\/div>\n<\/div>\n<div class=\"acordeao-item\"><button class=\"acordeao-header\">Secretaria de Estado de Trabalho e Renda &#8211; SETRAB<\/button>\n<div class=\"acordeao-content\">\n\n<a style=\"color: #123265;\" href=\"https:\/\/www.rj.gov.br\/trabalho\" target=\"_blank\" rel=\"noopener\"><strong>Site Oficial da SETRAB<\/strong><\/a>\n\n<strong>\u00d3rg\u00e3os subordinados e\/ou vinculados:<\/strong>\n<ul><\/ul>\nN\u00e3o possui \u00f3rg\u00e3o subordinado.\n\n<\/div>\n<\/div>\n<div class=\"acordeao-item\"><button class=\"acordeao-header\">Secretaria Extraordin\u00e1ria de Representa\u00e7\u00e3o do Governo em Bras\u00edlia &#8211; SERGB<\/button>\n<div class=\"acordeao-content\">\n\n<a style=\"color: #123265;\" href=\"https:\/\/www.rj.gov.br\/representacao\/\" target=\"_blank\" rel=\"noopener\"><strong>Site Oficial da SERGB<\/strong><\/a>\n\n<a href=\"https:\/\/www.rj.gov.br\/representacao\/sites\/default\/files\/arquivos_paginas\/RESOLU%C3%87%C3%83O%20SERGB%20N%C2%BA%2015%20DE%2029%20DE%20DEZEMBRO%20DE%202020_%20APROVA%20O%20REGIMENTO%20INTERNO%20DA%20SECRETARIA_0.pdf\"><strong>Compet\u00eancias da SERGB<\/strong><\/a>\n\n<strong>\u00d3rg\u00e3os subordinados e\/ou vinculados:<\/strong>\n<ul><\/ul>\nN\u00e3o possui \u00f3rg\u00e3o subordinado.\n\n<\/div>\n<\/div>\n<div class=\"acordeao-item\"><button class=\"acordeao-header\">Secretaria de Estado de Transforma\u00e7\u00e3o Digital &#8211; SETD<\/button>\n<div class=\"acordeao-content\">\n\n<a style=\"color: #123265;\" href=\"https:\/\/www.rj.gov.br\/digital\/\" target=\"_blank\" rel=\"noopener\"><strong>Site Oficial da SETD<\/strong><\/a>\n\n<a href=\"https:\/\/www.rj.gov.br\/digital\/sites\/default\/files\/arquivos_paginas\/RI_SETD_08MAI2023_3.pdf\">Compet\u00eancias da SETD<\/a>\n\n<strong>\u00d3rg\u00e3os subordinados e\/ou vinculados:<\/strong>\n<ul>\n \t<li><a href=\"https:\/\/www.proderj.rj.gov.br\/\" target=\"_blank\" rel=\"noopener\">Centro de Tecnologia de Informa\u00e7\u00e3o e Comunica\u00e7\u00e3o do Estado do Rio de Janeiro &#8211; PRODERJ<\/a><\/li>\n \t<li>Conselho Estadual de Tecnologia da Informa\u00e7\u00e3o &#8211; CONSETI<\/li>\n<\/ul>\n<\/div>\n<\/div>\n<div class=\"acordeao-item\"><button class=\"acordeao-header\">Secretaria de Estado de Infraestrutura e Obras P\u00fablicas \u2013 SEIOP<\/button>\n<div class=\"acordeao-content\">\n\n<a style=\"color: #123265;\" href=\"https:\/\/www.rj.gov.br\/seiop\" target=\"_blank\" rel=\"noopener\"><strong>Site Oficial da SEIOP<\/strong><\/a>\n\n<strong>\u00d3rg\u00e3os subordinados e\/ou vinculados:<\/strong>\n<ul>\n \t<li><a href=\"http:\/\/www.iterj.rj.gov.br\/iterj_site\/\" target=\"_blank\" rel=\"noopener\">Instituto de Terras e Cartografia do Estado do Rio de Janeiro &#8211; ITERJ<\/a><\/li>\n \t<li><a href=\"http:\/\/www.der.rj.gov.br\/\" target=\"_blank\" rel=\"noopener\">Funda\u00e7\u00e3o Departamento de Estradas de Rodagem &#8211; DER<\/a><\/li>\n \t<li><a href=\"http:\/\/www.emop.rj.gov.br\/\" target=\"_blank\" rel=\"noopener\">Empresa de Obras P\u00fablicas do Estado do Rio de Janeiro &#8211; EMOP<\/a><\/li>\n \t<li><a href=\"http:\/\/www.ieea.rj.gov.br\/index.asp\" target=\"_blank\" rel=\"noopener\">Instituto Estadual de Engenharia e Arquitetura &#8211; IEEA<\/a><\/li>\n<\/ul>\n<\/div>\n<\/div>\n<div class=\"acordeao-item\"><button class=\"acordeao-header\">Secretaria de Estado de Energia e Economia do Mar &#8211; SEENEMAR<\/button>\n<div class=\"acordeao-content\">\n\n<a style=\"color: #123265;\" href=\"https:\/\/www.rj.gov.br\/seenemar\/\" target=\"_blank\" rel=\"noopener\"><strong>Site Oficial da SEENEMAR<\/strong><\/a>\n\n<a href=\"https:\/\/www.rj.gov.br\/seenemar\/sites\/default\/files\/arquivos-paginas\/Regimento%20Interno%20SEENEMAR.pdf\">Compet\u00eancias da SEENEMAR<\/a>\n\n<strong>\u00d3rg\u00e3os subordinados e\/ou vinculados:<\/strong>\n<ul>\n \t<li><a href=\"http:\/\/www.agenersa.rj.gov.br\/\" target=\"_blank\" rel=\"noopener\">Ag\u00eancia Reguladora de Energia e Saneamento do Estado do Rio de Janeiro &#8211; AGENERSA<\/a><\/li>\n<\/ul>\n<\/div>\n<\/div>\n<div class=\"acordeao-item\"><button class=\"acordeao-header\">Secretaria de Estado de Habita\u00e7\u00e3o de Interesse Social &#8211; SEHIS<\/button>\n<div class=\"acordeao-content\">\n\n<a style=\"color: #123265;\" href=\"https:\/\/www.rj.gov.br\/habitacao\" target=\"_blank\" rel=\"noopener\"><strong>Site Oficial da SEHIS<\/strong><\/a>\n\n<strong>\u00d3rg\u00e3os subordinados e\/ou vinculados:<\/strong>\n<ul>\n \t<li>Conselho Estadual de Habita\u00e7\u00e3o e Saneamento do Estado do Rio de Janeiro &#8211; CEHAS<\/li>\n \t<li>Fundo Estadual de Habita\u00e7\u00e3o e Interesse Social &#8211; FEHIS<\/li>\n \t<li><a href=\"http:\/\/www.cehab.rj.gov.br\/\" target=\"_blank\" rel=\"noopener\">Companhia Estadual de Habita\u00e7\u00e3o do Estado do Rio de Janeiro &#8211; CEHAB<\/a><\/li>\n<\/ul>\n<\/div>\n<\/div>\n<div class=\"acordeao-item\"><button class=\"acordeao-header\">Secretaria de Estado Intergeracional de Juventude e Envelhecimento Saud\u00e1vel &#8211; SEIJES<\/button>\n<div class=\"acordeao-content\">\n\n<a style=\"color: #123265;\" href=\"https:\/\/www.rj.gov.br\/seijes\" target=\"_blank\" rel=\"noopener\"><strong>Site Oficial da SEIJES<\/strong><\/a>\n\n<strong>\u00d3rg\u00e3os subordinados e\/ou vinculados:<\/strong>\n<ul>\n \t<li>Conselho Estadual da Juventude do Estado do Rio de Janeiro- COJUERJ<\/li>\n \t<li>Fundo Estadual de Juventude &#8211; FUNJOVEM<\/li>\n \t<li>Fundo para Defesa e Direitos da Pessoa Idosa &#8211; FUNDEPI<\/li>\n \t<li>Conselho Estadual para Defesa dos Direitos da Pessoa Idosa &#8211; CEDEPI<\/li>\n \t<li>Conselho Estadual de Cultura &#8211; CEC<\/li>\n \t<li><a href=\"http:\/\/www.cedca.rj.gov.br\/\" target=\"_blank\" rel=\"noopener\">Conselho Estadual de Defesa da Crian\u00e7a e do Adolescente &#8211; CEDCA<\/a><\/li>\n<\/ul>\n<\/div>\n<\/div>\n<div class=\"acordeao-item\"><button class=\"acordeao-header\">Secretaria de Estado da Mulher &#8211; SEM<\/button>\n<div class=\"acordeao-content\">\n\n<a style=\"color: #123265;\" href=\"https:\/\/www.rj.gov.br\/mulher\" target=\"_blank\" rel=\"noopener\"><strong>Site Oficial da SEM<\/strong><\/a>\n\n<strong>\u00d3rg\u00e3os subordinados e\/ou vinculados:<\/strong>\n<ul>\n \t<li>Fundo Especial dos Direitos da Mulher &#8211; FEDM<\/li>\n \t<li>Fundo Estadual de Enfrentamento \u00e0 Viol\u00eancia conta \u00e0s Mulheres &#8211; FEEVIMU<\/li>\n \t<li>Conselho Estadual de Direitos da Mulher &#8211; CEDIM<\/li>\n<\/ul>\n<\/div>\n<\/div>\n<div class=\"acordeao-item\"><button class=\"acordeao-header\">Secretaria de Estado das Cidades &#8211; SECID<\/button>\n<div class=\"acordeao-content\">\n\n<a style=\"color: #123265;\" href=\"https:\/\/www.rj.gov.br\/secid\/\" target=\"_blank\" rel=\"noopener\"><strong>Site Oficial da SECID<\/strong><\/a>\n\n<a href=\"https:\/\/www.rj.gov.br\/secid\/sites\/default\/files\/arquivos_pagina_basica\/SEI_61264313_Regimento_interno.pdf\"><strong>Compet\u00eancias da SECID<\/strong><\/a>\n\n<strong>\u00d3rg\u00e3os subordinados e\/ou vinculados:<\/strong>\n<ul><\/ul>\nN\u00e3o possui \u00f3rg\u00e3o subordinado.\n\n<\/div>\n<\/div>\n<div class=\"acordeao-item\"><button class=\"acordeao-header\">Secretaria de Estado de Defesa do Consumidor &#8211; SEDCON<\/button>\n<div class=\"acordeao-content\">\n\n<a style=\"color: #123265;\" href=\"https:\/\/www.rj.gov.br\/sedconsumidor\/\" target=\"_blank\" rel=\"noopener\"><strong>Site Oficial da SEDCON<\/strong><\/a>\n\n<a href=\"https:\/\/www.rj.gov.br\/sedconsumidor\/sites\/default\/files\/arquivos%20paginas\/regimentosedcon.pdf\">Compet\u00eancias da SEDCON<\/a>\n\n<strong>\u00d3rg\u00e3os subordinados e\/ou vinculados:<\/strong>\n<ul>\n \t<li><a href=\"http:\/\/www.procon.rj.gov.br\/\" target=\"_blank\" rel=\"noopener\">Autarquia de Prote\u00e7\u00e3o e Defesa do Consumidor &#8211; PROCON\/RJ<\/a><\/li>\n \t<li>Fundo Especial de Apoio \u00e0 Programas de Prote\u00e7\u00e3o e Defesa do Consumidor &#8211; FEPROCON<\/li>\n<\/ul>\n<\/div>\n<\/div>\n<div class=\"acordeao-item\"><button class=\"acordeao-header\">Secretaria de Estado de Seguran\u00e7a P\u00fablica &#8211; SESP<\/button>\n<div class=\"acordeao-content\">\n\n<a style=\"color: #123265;\" href=\"https:\/\/www.rj.gov.br\/seguranca\/\" target=\"_blank\" rel=\"noopener\"><strong>Site Oficial da SESP<\/strong><\/a>\n\n<a href=\"https:\/\/www.rj.gov.br\/seguranca\/competencias\"><strong>Compet\u00eancias da SESP<\/strong><\/a>\n\n<strong>\u00d3rg\u00e3os subordinados e\/ou vinculados:<\/strong>\n<ul>\n \t<li>Fundo Estadual de Seguran\u00e7a P\u00fablica do Estado do Rio de Janeiro &#8211; FUSPRJ<\/li>\n \t<li>Conselho de Seguran\u00e7a P\u00fablica do Estado do Rio de Janeiro<\/li>\n \t<li><a href=\"http:\/\/www.isp.rj.gov.br\/\" target=\"_blank\" rel=\"noopener\">Instituto de Seguran\u00e7a P\u00fablica &#8211; ISP<\/a><\/li>\n<\/ul>\n<\/div>\n<\/div>\n<div class=\"acordeao-item\"><button class=\"acordeao-header\">Procuradoria Geral do Estado &#8211; PGE<\/button>\n<div class=\"acordeao-content\">\n\n<a style=\"color: #123265;\" href=\"https:\/\/www.pge.rj.gov.br\/\" target=\"_blank\" rel=\"noopener\"><strong>Site Oficial da PGE<\/strong><\/a>\n\n<strong>\u00d3rg\u00e3os subordinados e\/ou vinculados:<\/strong>\n<ul><\/ul>\nN\u00e3o possui \u00f3rg\u00e3o subordinado (com base no conte\u00fado fornecido).\n\n<\/div>\n<\/div>\n<\/div>","protected":false},"excerpt":{"rendered":"Estrutura do Poder Executivo DECRETO N\u00ba 46.544 Secretaria de Estado da Casa Civil \u2013 SECC Site Oficial da SECC \u00d3rg\u00e3os subordinados e\/ou vinculados: Arquivo P\u00fablico do Estado do Rio de [&hellip;]","protected":false},"author":1,"featured_media":0,"parent":0,"menu_order":0,"comment_status":"closed","ping_status":"closed","template":"","meta":{"footnotes":""},"class_list":["post-448","page","type-page","status-publish","hentry"],"_links":{"self":[{"href":"https:\/\/transparencia.cge.rj.gov.br\/transparencia\/wp-json\/wp\/v2\/pages\/448","targetHints":{"allow":["GET"]}}],"collection":[{"href":"https:\/\/transparencia.cge.rj.gov.br\/transparencia\/wp-json\/wp\/v2\/pages"}],"about":[{"href":"https:\/\/transparencia.cge.rj.gov.br\/transparencia\/wp-json\/wp\/v2\/types\/page"}],"author":[{"embeddable":true,"href":"https:\/\/transparencia.cge.rj.gov.br\/transparencia\/wp-json\/wp\/v2\/users\/1"}],"replies":[{"embeddable":true,"href":"https:\/\/transparencia.cge.rj.gov.br\/transparencia\/wp-json\/wp\/v2\/comments?post=448"}],"version-history":[{"count":75,"href":"https:\/\/transparencia.cge.rj.gov.br\/transparencia\/wp-json\/wp\/v2\/pages\/448\/revisions"}],"predecessor-version":[{"id":3211,"href":"https:\/\/transparencia.cge.rj.gov.br\/transparencia\/wp-json\/wp\/v2\/pages\/448\/revisions\/3211"}],"wp:attachment":[{"href":"https:\/\/transparencia.cge.rj.gov.br\/transparencia\/wp-json\/wp\/v2\/media?parent=448"}],"curies":[{"name":"wp","href":"https:\/\/api.w.org\/{rel}","templated":true}]}}